{"id":258,"date":"2026-03-03T14:39:43","date_gmt":"2026-03-03T13:39:43","guid":{"rendered":"https:\/\/wachter.parts\/?post_type=referenzen&#038;p=258"},"modified":"2026-03-12T12:44:34","modified_gmt":"2026-03-12T11:44:34","slug":"geramoebel","status":"publish","type":"referenzen","link":"https:\/\/wachter.parts\/de\/referenzen\/geramoebel\/","title":{"rendered":"Geram\u00f6bel"},"content":{"rendered":"\n<div class=\"wp-block-columns is-layout-flex wp-container-core-columns-is-layout-28f84493 wp-block-columns-is-layout-flex\">\n<div class=\"wp-block-column is-layout-flow wp-block-column-is-layout-flow\">\n<figure class=\"wp-block-image size-large\"><img fetchpriority=\"high\" decoding=\"async\" width=\"1024\" height=\"768\" src=\"https:\/\/wachter.parts\/wp-content\/uploads\/2026\/03\/geramoebel_endkunde_webseite-macbooks_4x3-1024x768.webp\" alt=\"\" class=\"wp-image-265\" srcset=\"https:\/\/wachter.parts\/wp-content\/uploads\/2026\/03\/geramoebel_endkunde_webseite-macbooks_4x3-1024x768.webp 1024w, https:\/\/wachter.parts\/wp-content\/uploads\/2026\/03\/geramoebel_endkunde_webseite-macbooks_4x3-300x225.webp 300w, https:\/\/wachter.parts\/wp-content\/uploads\/2026\/03\/geramoebel_endkunde_webseite-macbooks_4x3-768x576.webp 768w, https:\/\/wachter.parts\/wp-content\/uploads\/2026\/03\/geramoebel_endkunde_webseite-macbooks_4x3-1536x1153.webp 1536w, https:\/\/wachter.parts\/wp-content\/uploads\/2026\/03\/geramoebel_endkunde_webseite-macbooks_4x3.webp 1643w\" sizes=\"(max-width: 1024px) 100vw, 1024px\" \/><\/figure>\n<\/div>\n\n\n\n<div class=\"wp-block-column is-layout-flow wp-block-column-is-layout-flow\">\n<figure class=\"wp-block-image size-large\"><img decoding=\"async\" width=\"1024\" height=\"768\" src=\"https:\/\/wachter.parts\/wp-content\/uploads\/2026\/03\/geramoebel_endkunde_webseite-mobile_4x3-1024x768.webp\" alt=\"\" class=\"wp-image-266\" srcset=\"https:\/\/wachter.parts\/wp-content\/uploads\/2026\/03\/geramoebel_endkunde_webseite-mobile_4x3-1024x768.webp 1024w, https:\/\/wachter.parts\/wp-content\/uploads\/2026\/03\/geramoebel_endkunde_webseite-mobile_4x3-300x225.webp 300w, https:\/\/wachter.parts\/wp-content\/uploads\/2026\/03\/geramoebel_endkunde_webseite-mobile_4x3-768x576.webp 768w, https:\/\/wachter.parts\/wp-content\/uploads\/2026\/03\/geramoebel_endkunde_webseite-mobile_4x3-1536x1152.webp 1536w, https:\/\/wachter.parts\/wp-content\/uploads\/2026\/03\/geramoebel_endkunde_webseite-mobile_4x3-scaled.webp 1920w\" sizes=\"(max-width: 1024px) 100vw, 1024px\" \/><\/figure>\n<\/div>\n<\/div>\n\n\n\n<div class=\"wp-block-columns is-layout-flex wp-container-core-columns-is-layout-28f84493 wp-block-columns-is-layout-flex\">\n<div class=\"wp-block-column is-layout-flow wp-block-column-is-layout-flow\">\n<figure class=\"wp-block-image size-large\"><img decoding=\"async\" width=\"1024\" height=\"768\" src=\"https:\/\/wachter.parts\/wp-content\/uploads\/2026\/03\/geramoebel_endkunde_rendering_4x3-1024x768.webp\" alt=\"\" class=\"wp-image-263\" srcset=\"https:\/\/wachter.parts\/wp-content\/uploads\/2026\/03\/geramoebel_endkunde_rendering_4x3-1024x768.webp 1024w, https:\/\/wachter.parts\/wp-content\/uploads\/2026\/03\/geramoebel_endkunde_rendering_4x3-300x225.webp 300w, https:\/\/wachter.parts\/wp-content\/uploads\/2026\/03\/geramoebel_endkunde_rendering_4x3-768x576.webp 768w, https:\/\/wachter.parts\/wp-content\/uploads\/2026\/03\/geramoebel_endkunde_rendering_4x3.webp 1440w\" sizes=\"(max-width: 1024px) 100vw, 1024px\" \/><\/figure>\n<\/div>\n\n\n\n<div class=\"wp-block-column is-layout-flow wp-block-column-is-layout-flow\">\n<figure class=\"wp-block-image size-large\"><img loading=\"lazy\" decoding=\"async\" width=\"1024\" height=\"768\" src=\"https:\/\/wachter.parts\/wp-content\/uploads\/2026\/03\/geramoebel_endkunde_katalog_4x3-1024x768.webp\" alt=\"\" class=\"wp-image-261\" srcset=\"https:\/\/wachter.parts\/wp-content\/uploads\/2026\/03\/geramoebel_endkunde_katalog_4x3-1024x768.webp 1024w, https:\/\/wachter.parts\/wp-content\/uploads\/2026\/03\/geramoebel_endkunde_katalog_4x3-300x225.webp 300w, https:\/\/wachter.parts\/wp-content\/uploads\/2026\/03\/geramoebel_endkunde_katalog_4x3-768x576.webp 768w, https:\/\/wachter.parts\/wp-content\/uploads\/2026\/03\/geramoebel_endkunde_katalog_4x3-1536x1151.webp 1536w, https:\/\/wachter.parts\/wp-content\/uploads\/2026\/03\/geramoebel_endkunde_katalog_4x3-scaled.webp 1920w\" sizes=\"(max-width: 1024px) 100vw, 1024px\" \/><\/figure>\n<\/div>\n\n\n\n<div class=\"wp-block-column is-layout-flow wp-block-column-is-layout-flow\">\n<figure class=\"wp-block-image size-large\"><img loading=\"lazy\" decoding=\"async\" width=\"1024\" height=\"768\" src=\"https:\/\/wachter.parts\/wp-content\/uploads\/2026\/03\/geramoebel_endkunde_ordner_4x3-1024x768.webp\" alt=\"\" class=\"wp-image-262\" srcset=\"https:\/\/wachter.parts\/wp-content\/uploads\/2026\/03\/geramoebel_endkunde_ordner_4x3-1024x768.webp 1024w, https:\/\/wachter.parts\/wp-content\/uploads\/2026\/03\/geramoebel_endkunde_ordner_4x3-300x225.webp 300w, https:\/\/wachter.parts\/wp-content\/uploads\/2026\/03\/geramoebel_endkunde_ordner_4x3-768x576.webp 768w, https:\/\/wachter.parts\/wp-content\/uploads\/2026\/03\/geramoebel_endkunde_ordner_4x3-1536x1152.webp 1536w, https:\/\/wachter.parts\/wp-content\/uploads\/2026\/03\/geramoebel_endkunde_ordner_4x3.webp 1920w\" sizes=\"(max-width: 1024px) 100vw, 1024px\" \/><\/figure>\n<\/div>\n<\/div>\n\n\n\n<figure class=\"wp-block-image size-large\"><img loading=\"lazy\" decoding=\"async\" width=\"1024\" height=\"576\" src=\"https:\/\/wachter.parts\/wp-content\/uploads\/2026\/03\/geramoebel_partner_webseite-macbook_16x9-1024x576.webp\" alt=\"\" class=\"wp-image-524\" srcset=\"https:\/\/wachter.parts\/wp-content\/uploads\/2026\/03\/geramoebel_partner_webseite-macbook_16x9-1024x576.webp 1024w, https:\/\/wachter.parts\/wp-content\/uploads\/2026\/03\/geramoebel_partner_webseite-macbook_16x9-300x169.webp 300w, https:\/\/wachter.parts\/wp-content\/uploads\/2026\/03\/geramoebel_partner_webseite-macbook_16x9-768x432.webp 768w, https:\/\/wachter.parts\/wp-content\/uploads\/2026\/03\/geramoebel_partner_webseite-macbook_16x9-1536x864.webp 1536w, https:\/\/wachter.parts\/wp-content\/uploads\/2026\/03\/geramoebel_partner_webseite-macbook_16x9-scaled.webp 1920w\" sizes=\"(max-width: 1024px) 100vw, 1024px\" \/><\/figure>\n\n\n\n<div class=\"wp-block-columns is-layout-flex wp-container-core-columns-is-layout-28f84493 wp-block-columns-is-layout-flex\">\n<div class=\"wp-block-column is-layout-flow wp-block-column-is-layout-flow\">\n<figure class=\"wp-block-image size-large\"><img loading=\"lazy\" decoding=\"async\" width=\"1024\" height=\"768\" src=\"https:\/\/wachter.parts\/wp-content\/uploads\/2026\/03\/geramoebel_partner_broschuere_4x3-1024x768.webp\" alt=\"\" class=\"wp-image-522\" srcset=\"https:\/\/wachter.parts\/wp-content\/uploads\/2026\/03\/geramoebel_partner_broschuere_4x3-1024x768.webp 1024w, https:\/\/wachter.parts\/wp-content\/uploads\/2026\/03\/geramoebel_partner_broschuere_4x3-300x225.webp 300w, https:\/\/wachter.parts\/wp-content\/uploads\/2026\/03\/geramoebel_partner_broschuere_4x3-768x576.webp 768w, https:\/\/wachter.parts\/wp-content\/uploads\/2026\/03\/geramoebel_partner_broschuere_4x3-1536x1152.webp 1536w, https:\/\/wachter.parts\/wp-content\/uploads\/2026\/03\/geramoebel_partner_broschuere_4x3.webp 1920w\" sizes=\"(max-width: 1024px) 100vw, 1024px\" \/><\/figure>\n<\/div>\n\n\n\n<div class=\"wp-block-column is-layout-flow wp-block-column-is-layout-flow\">\n<figure class=\"wp-block-image size-large\"><img loading=\"lazy\" decoding=\"async\" width=\"1024\" height=\"768\" src=\"https:\/\/wachter.parts\/wp-content\/uploads\/2026\/03\/geramoebel_flaggen_partner_4x3-1-1024x768.webp\" alt=\"\" class=\"wp-image-521\" srcset=\"https:\/\/wachter.parts\/wp-content\/uploads\/2026\/03\/geramoebel_flaggen_partner_4x3-1-1024x768.webp 1024w, https:\/\/wachter.parts\/wp-content\/uploads\/2026\/03\/geramoebel_flaggen_partner_4x3-1-300x225.webp 300w, https:\/\/wachter.parts\/wp-content\/uploads\/2026\/03\/geramoebel_flaggen_partner_4x3-1-768x576.webp 768w, https:\/\/wachter.parts\/wp-content\/uploads\/2026\/03\/geramoebel_flaggen_partner_4x3-1-1536x1152.webp 1536w, https:\/\/wachter.parts\/wp-content\/uploads\/2026\/03\/geramoebel_flaggen_partner_4x3-1.webp 1920w\" sizes=\"(max-width: 1024px) 100vw, 1024px\" \/><\/figure>\n<\/div>\n<\/div>\n","protected":false},"featured_media":260,"parent":0,"template":"","meta":{"_acf_changed":false,"content-type":""},"class_list":["post-258","referenzen","type-referenzen","status-publish","has-post-thumbnail","hentry"],"acf":[],"yoast_head":"<!-- This site is optimized with the Yoast SEO Premium plugin v27.1 (Yoast SEO v27.5) - https:\/\/yoast.com\/product\/yoast-seo-premium-wordpress\/ -->\n<title>Geram\u00f6bel - WACHTER PARTS<\/title>\n<meta name=\"description\" content=\"Corporate Design f\u00fcr geram\u00f6bel: Pr\u00e4gnantes Branding macht Schnelligkeit zum USP und st\u00e4rkt Awareness sowie Handelspartner-Kommunikation.\" \/>\n<meta name=\"robots\" content=\"index, follow, max-snippet:-1, max-image-preview:large, max-video-preview:-1\" \/>\n<link rel=\"canonical\" href=\"https:\/\/wachter.parts\/de\/referenzen\/geramoebel\/\" \/>\n<meta property=\"og:locale\" content=\"de_DE\" \/>\n<meta property=\"og:type\" content=\"article\" \/>\n<meta property=\"og:title\" content=\"Geram\u00f6bel\" \/>\n<meta property=\"og:description\" content=\"Corporate Design f\u00fcr geram\u00f6bel: Pr\u00e4gnantes Branding macht Schnelligkeit zum USP und st\u00e4rkt Awareness sowie Handelspartner-Kommunikation.\" \/>\n<meta property=\"og:url\" content=\"https:\/\/wachter.parts\/de\/referenzen\/geramoebel\/\" \/>\n<meta property=\"og:site_name\" content=\"WACHTER PARTS\" \/>\n<meta property=\"article:modified_time\" content=\"2026-03-12T11:44:34+00:00\" \/>\n<meta property=\"og:image\" content=\"https:\/\/wachter.parts\/wp-content\/uploads\/2026\/03\/geramoebel_endkunde_fassade_16x9-scaled.webp\" \/>\n\t<meta property=\"og:image:width\" content=\"1920\" \/>\n\t<meta property=\"og:image:height\" content=\"1080\" \/>\n\t<meta property=\"og:image:type\" content=\"image\/webp\" \/>\n<meta name=\"twitter:card\" content=\"summary_large_image\" \/>\n<meta name=\"twitter:label1\" content=\"Gesch\u00e4tzte Lesezeit\" \/>\n\t<meta name=\"twitter:data1\" content=\"2\u00a0Minuten\" \/>\n<script type=\"application\/ld+json\" class=\"yoast-schema-graph\">{\"@context\":\"https:\\\/\\\/schema.org\",\"@graph\":[{\"@type\":\"WebPage\",\"@id\":\"https:\\\/\\\/wachter.parts\\\/de\\\/referenzen\\\/geramoebel\\\/\",\"url\":\"https:\\\/\\\/wachter.parts\\\/de\\\/referenzen\\\/geramoebel\\\/\",\"name\":\"Geram\u00f6bel - WACHTER PARTS\",\"isPartOf\":{\"@id\":\"https:\\\/\\\/wachter.parts\\\/de\\\/#website\"},\"primaryImageOfPage\":{\"@id\":\"https:\\\/\\\/wachter.parts\\\/de\\\/referenzen\\\/geramoebel\\\/#primaryimage\"},\"image\":{\"@id\":\"https:\\\/\\\/wachter.parts\\\/de\\\/referenzen\\\/geramoebel\\\/#primaryimage\"},\"thumbnailUrl\":\"https:\\\/\\\/wachter.parts\\\/wp-content\\\/uploads\\\/2026\\\/03\\\/geramoebel_endkunde_fassade_16x9-scaled.webp\",\"datePublished\":\"2026-03-03T13:39:43+00:00\",\"dateModified\":\"2026-03-12T11:44:34+00:00\",\"description\":\"Corporate Design f\u00fcr geram\u00f6bel: Pr\u00e4gnantes Branding macht Schnelligkeit zum USP und st\u00e4rkt Awareness sowie Handelspartner-Kommunikation.\",\"breadcrumb\":{\"@id\":\"https:\\\/\\\/wachter.parts\\\/de\\\/referenzen\\\/geramoebel\\\/#breadcrumb\"},\"inLanguage\":\"de\",\"potentialAction\":[{\"@type\":\"ReadAction\",\"target\":[\"https:\\\/\\\/wachter.parts\\\/de\\\/referenzen\\\/geramoebel\\\/\"]}]},{\"@type\":\"ImageObject\",\"inLanguage\":\"de\",\"@id\":\"https:\\\/\\\/wachter.parts\\\/de\\\/referenzen\\\/geramoebel\\\/#primaryimage\",\"url\":\"https:\\\/\\\/wachter.parts\\\/wp-content\\\/uploads\\\/2026\\\/03\\\/geramoebel_endkunde_fassade_16x9-scaled.webp\",\"contentUrl\":\"https:\\\/\\\/wachter.parts\\\/wp-content\\\/uploads\\\/2026\\\/03\\\/geramoebel_endkunde_fassade_16x9-scaled.webp\",\"width\":1920,\"height\":1080,\"caption\":\"Geram\u00f6bel Fassade\"},{\"@type\":\"BreadcrumbList\",\"@id\":\"https:\\\/\\\/wachter.parts\\\/de\\\/referenzen\\\/geramoebel\\\/#breadcrumb\",\"itemListElement\":[{\"@type\":\"ListItem\",\"position\":1,\"name\":\"Start\",\"item\":\"https:\\\/\\\/wachter.parts\\\/de\\\/\"},{\"@type\":\"ListItem\",\"position\":2,\"name\":\"Geram\u00f6bel\"}]},{\"@type\":\"WebSite\",\"@id\":\"https:\\\/\\\/wachter.parts\\\/de\\\/#website\",\"url\":\"https:\\\/\\\/wachter.parts\\\/de\\\/\",\"name\":\"WACHTER PARTS\",\"description\":\"Kreativagentur in M\u00fcnchen\",\"publisher\":{\"@id\":\"https:\\\/\\\/wachter.parts\\\/de\\\/#organization\"},\"alternateName\":\"WACHTER PARTS\",\"potentialAction\":[{\"@type\":\"SearchAction\",\"target\":{\"@type\":\"EntryPoint\",\"urlTemplate\":\"https:\\\/\\\/wachter.parts\\\/de\\\/?s={search_term_string}\"},\"query-input\":{\"@type\":\"PropertyValueSpecification\",\"valueRequired\":true,\"valueName\":\"search_term_string\"}}],\"inLanguage\":\"de\"},{\"@type\":\"Organization\",\"@id\":\"https:\\\/\\\/wachter.parts\\\/de\\\/#organization\",\"name\":\"WACHTER PARTS\",\"alternateName\":\"WACHTER PARTS\",\"url\":\"https:\\\/\\\/wachter.parts\\\/de\\\/\",\"logo\":{\"@type\":\"ImageObject\",\"inLanguage\":\"de\",\"@id\":\"https:\\\/\\\/wachter.parts\\\/de\\\/#\\\/schema\\\/logo\\\/image\\\/\",\"url\":\"https:\\\/\\\/wachter.parts\\\/wp-content\\\/uploads\\\/2026\\\/03\\\/Logo_WachterParts_lila_RGB.webp\",\"contentUrl\":\"https:\\\/\\\/wachter.parts\\\/wp-content\\\/uploads\\\/2026\\\/03\\\/Logo_WachterParts_lila_RGB.webp\",\"width\":753,\"height\":261,\"caption\":\"WACHTER PARTS\"},\"image\":{\"@id\":\"https:\\\/\\\/wachter.parts\\\/de\\\/#\\\/schema\\\/logo\\\/image\\\/\"}}]}<\/script>\n<!-- \/ Yoast SEO Premium plugin. -->","yoast_head_json":{"title":"Geram\u00f6bel - WACHTER PARTS","description":"Corporate Design f\u00fcr geram\u00f6bel: Pr\u00e4gnantes Branding macht Schnelligkeit zum USP und st\u00e4rkt Awareness sowie Handelspartner-Kommunikation.","robots":{"index":"index","follow":"follow","max-snippet":"max-snippet:-1","max-image-preview":"max-image-preview:large","max-video-preview":"max-video-preview:-1"},"canonical":"https:\/\/wachter.parts\/de\/referenzen\/geramoebel\/","og_locale":"de_DE","og_type":"article","og_title":"Geram\u00f6bel","og_description":"Corporate Design f\u00fcr geram\u00f6bel: Pr\u00e4gnantes Branding macht Schnelligkeit zum USP und st\u00e4rkt Awareness sowie Handelspartner-Kommunikation.","og_url":"https:\/\/wachter.parts\/de\/referenzen\/geramoebel\/","og_site_name":"WACHTER PARTS","article_modified_time":"2026-03-12T11:44:34+00:00","og_image":[{"width":1920,"height":1080,"url":"https:\/\/wachter.parts\/wp-content\/uploads\/2026\/03\/geramoebel_endkunde_fassade_16x9-scaled.webp","type":"image\/webp"}],"twitter_card":"summary_large_image","twitter_misc":{"Gesch\u00e4tzte Lesezeit":"2\u00a0Minuten"},"schema":{"@context":"https:\/\/schema.org","@graph":[{"@type":"WebPage","@id":"https:\/\/wachter.parts\/de\/referenzen\/geramoebel\/","url":"https:\/\/wachter.parts\/de\/referenzen\/geramoebel\/","name":"Geram\u00f6bel - WACHTER PARTS","isPartOf":{"@id":"https:\/\/wachter.parts\/de\/#website"},"primaryImageOfPage":{"@id":"https:\/\/wachter.parts\/de\/referenzen\/geramoebel\/#primaryimage"},"image":{"@id":"https:\/\/wachter.parts\/de\/referenzen\/geramoebel\/#primaryimage"},"thumbnailUrl":"https:\/\/wachter.parts\/wp-content\/uploads\/2026\/03\/geramoebel_endkunde_fassade_16x9-scaled.webp","datePublished":"2026-03-03T13:39:43+00:00","dateModified":"2026-03-12T11:44:34+00:00","description":"Corporate Design f\u00fcr geram\u00f6bel: Pr\u00e4gnantes Branding macht Schnelligkeit zum USP und st\u00e4rkt Awareness sowie Handelspartner-Kommunikation.","breadcrumb":{"@id":"https:\/\/wachter.parts\/de\/referenzen\/geramoebel\/#breadcrumb"},"inLanguage":"de","potentialAction":[{"@type":"ReadAction","target":["https:\/\/wachter.parts\/de\/referenzen\/geramoebel\/"]}]},{"@type":"ImageObject","inLanguage":"de","@id":"https:\/\/wachter.parts\/de\/referenzen\/geramoebel\/#primaryimage","url":"https:\/\/wachter.parts\/wp-content\/uploads\/2026\/03\/geramoebel_endkunde_fassade_16x9-scaled.webp","contentUrl":"https:\/\/wachter.parts\/wp-content\/uploads\/2026\/03\/geramoebel_endkunde_fassade_16x9-scaled.webp","width":1920,"height":1080,"caption":"Geram\u00f6bel Fassade"},{"@type":"BreadcrumbList","@id":"https:\/\/wachter.parts\/de\/referenzen\/geramoebel\/#breadcrumb","itemListElement":[{"@type":"ListItem","position":1,"name":"Start","item":"https:\/\/wachter.parts\/de\/"},{"@type":"ListItem","position":2,"name":"Geram\u00f6bel"}]},{"@type":"WebSite","@id":"https:\/\/wachter.parts\/de\/#website","url":"https:\/\/wachter.parts\/de\/","name":"WACHTER PARTS","description":"Kreativagentur in M\u00fcnchen","publisher":{"@id":"https:\/\/wachter.parts\/de\/#organization"},"alternateName":"WACHTER PARTS","potentialAction":[{"@type":"SearchAction","target":{"@type":"EntryPoint","urlTemplate":"https:\/\/wachter.parts\/de\/?s={search_term_string}"},"query-input":{"@type":"PropertyValueSpecification","valueRequired":true,"valueName":"search_term_string"}}],"inLanguage":"de"},{"@type":"Organization","@id":"https:\/\/wachter.parts\/de\/#organization","name":"WACHTER PARTS","alternateName":"WACHTER PARTS","url":"https:\/\/wachter.parts\/de\/","logo":{"@type":"ImageObject","inLanguage":"de","@id":"https:\/\/wachter.parts\/de\/#\/schema\/logo\/image\/","url":"https:\/\/wachter.parts\/wp-content\/uploads\/2026\/03\/Logo_WachterParts_lila_RGB.webp","contentUrl":"https:\/\/wachter.parts\/wp-content\/uploads\/2026\/03\/Logo_WachterParts_lila_RGB.webp","width":753,"height":261,"caption":"WACHTER PARTS"},"image":{"@id":"https:\/\/wachter.parts\/de\/#\/schema\/logo\/image\/"}}]}},"_links":{"self":[{"href":"https:\/\/wachter.parts\/de\/wp-json\/wp\/v2\/referenzen\/258","targetHints":{"allow":["GET"]}}],"collection":[{"href":"https:\/\/wachter.parts\/de\/wp-json\/wp\/v2\/referenzen"}],"about":[{"href":"https:\/\/wachter.parts\/de\/wp-json\/wp\/v2\/types\/referenzen"}],"wp:featuredmedia":[{"embeddable":true,"href":"https:\/\/wachter.parts\/de\/wp-json\/wp\/v2\/media\/260"}],"wp:attachment":[{"href":"https:\/\/wachter.parts\/de\/wp-json\/wp\/v2\/media?parent=258"}],"curies":[{"name":"wp","href":"https:\/\/api.w.org\/{rel}","templated":true}]}}